{"id":753,"date":"2022-01-15T15:20:29","date_gmt":"2022-01-15T14:20:29","guid":{"rendered":"https:\/\/lauraperezmacho.com\/?post_type=product&#038;p=753"},"modified":"2023-07-23T13:52:21","modified_gmt":"2023-07-23T11:52:21","slug":"donde-mora-la-bestia","status":"publish","type":"product","link":"https:\/\/lauraperezmacho.com\/es_es\/product\/donde-mora-la-bestia\/","title":{"rendered":"Donde mora la bestia"},"content":{"rendered":"<p><span style=\"font-weight: 400;\">-P\u00e1ginas: 634<\/span><\/p>\n<p><span style=\"font-weight: 400;\">-Fecha de publicaci\u00f3n: 4 Febrero 2016<\/span><\/p>\n<p><span style=\"font-weight: 400;\">-Publicado por: Editorial Seleer<\/span><\/p>\n<p><span style=\"font-weight: 400;\">-ISBN-13: 978-8494500428<\/span><\/p>\n<p><span style=\"font-weight: 400;\">-ISBN-10 \u200f : \u200e &lt;\/span&gt;8494500422<\/span><\/p>\n<p>-Esta es la primera edici\u00f3n de Donde mora la bestia, m\u00e1s expl\u00edcita y sin bocetos ni fichas de personajes.<\/p>\n<p>-El t\u00edtulo \u00abDonde mora la bestia\u00bb tiene un sentido metaf\u00f3rico.<\/p>\n<p><a href=\"https:\/\/lauraperezmacho.com\/\">-Ver rese\u00f1as y opiniones en Inicio<\/a><\/p>\n<p>&#8211;<a href=\"https:\/\/api.whatsapp.com\/send?phone=491788716106&amp;text=%C2%A1Hola,%20Laura!%20Me%20gustar%C3%ADa%20tener%20un%20libro%20dedicado\">CONTACTA CONMIGO AQU\u00cd SI QUIERES UNO DEDICADO, TENGO EJEMPLARES LIMITADOS DE ESTA EDICI\u00d3N.<\/a><\/p>\n<p><span class=\"a-list-item\">&#8211;<\/span>SINOPSIS:<\/p>\n<p><span style=\"font-weight: 400;\">Escocia, siglo XV<\/span><\/p>\n<p><span style=\"font-weight: 400;\">Philip es un joven hu\u00e9rfano criado y entrenado por un cruel oficial ingl\u00e9s que forma parte de una conspiraci\u00f3n contra el rey escoc\u00e9s Jacobo III. <\/span><\/p>\n<p><span style=\"font-weight: 400;\">Solo una persona despertaba en Philip sentimientos muy distintos al odio que le inculcaba su instructor, y esa era su propia hija, Leathybeth. La \u00fanica que le comprend\u00eda.<\/span><\/p>\n<p><span style=\"font-weight: 400;\">Un d\u00eda, harto de los abusos y sin nada que perder, Philip decidi\u00f3 huir para conocer sus or\u00edgenes.<\/span><\/p>\n<p><span style=\"font-weight: 400;\">Desde peque\u00f1o le gustaba perderse en el bosque para cazar y sentirse libre. Pero, sin saber c\u00f3mo, siempre se acababa encontrando en el mismo extra\u00f1o lugar\u2026 Una siniestra zona boscosa plagada de lobos y cubierta por una densa niebla que nadie se atreve a cruzar\u2026 Excepto una hermosa joven desconocida. \u00bfQui\u00e9n es esa misteriosa mujer? \u00bfQu\u00e9 es ese lugar tan sobrecogedor? <\/span><\/p>\n<p><span style=\"font-weight: 400;\">Su vida y la de Leathybeth cambiar\u00e1n por completo cuando lo descubran. <\/span><\/p>\n<p><span style=\"font-weight: 400;\">Un oscuro secreto y un terrible enemigo com\u00fan les llevar\u00e1 a forjar extra\u00f1as alianzas y a una lucha feroz en la que los fantasmas de su pasado les perseguir\u00e1n a cada paso que den.<\/span><\/p>\n<p>-AMBIENTACI\u00d3N:<\/p>\n<p><span style=\"font-weight: 400;\">La historia tiene lugar en varias localizaciones como Escocia y las Tierras Altas, e Irlanda. Mayormente durante el siglo XV, durante el reinado de Jacobo III y Jacobo IV de Escocia. Los escenarios van desde campos de batalla hasta bosques plagados de lobos y castillos.<\/span><\/p>\n<figure id=\"attachment_2180\" aria-describedby=\"caption-attachment-2180\" style=\"width: 975px\" class=\"wp-caption alignnone\"><img loading=\"lazy\" class=\"size-full wp-image-2180\" src=\"https:\/\/lauraperezmacho.com\/wp-content\/uploads\/2022\/01\/Sergio-Bencomo-Resena-Casa-del-Libro-Donde-mora-la-bestia-edicion-antigua.jpg\" alt=\"Sergio Bencomo Rese\u00f1a Casa del Libro Donde mora la bestia edici\u00f3n antigua\" width=\"975\" height=\"484\" srcset=\"https:\/\/lauraperezmacho.com\/wp-content\/uploads\/2022\/01\/Sergio-Bencomo-Resena-Casa-del-Libro-Donde-mora-la-bestia-edicion-antigua.jpg 975w, https:\/\/lauraperezmacho.com\/wp-content\/uploads\/2022\/01\/Sergio-Bencomo-Resena-Casa-del-Libro-Donde-mora-la-bestia-edicion-antigua-700x347.jpg 700w, https:\/\/lauraperezmacho.com\/wp-content\/uploads\/2022\/01\/Sergio-Bencomo-Resena-Casa-del-Libro-Donde-mora-la-bestia-edicion-antigua-300x149.jpg 300w, https:\/\/lauraperezmacho.com\/wp-content\/uploads\/2022\/01\/Sergio-Bencomo-Resena-Casa-del-Libro-Donde-mora-la-bestia-edicion-antigua-768x381.jpg 768w, https:\/\/lauraperezmacho.com\/wp-content\/uploads\/2022\/01\/Sergio-Bencomo-Resena-Casa-del-Libro-Donde-mora-la-bestia-edicion-antigua-18x9.jpg 18w, https:\/\/lauraperezmacho.com\/wp-content\/uploads\/2022\/01\/Sergio-Bencomo-Resena-Casa-del-Libro-Donde-mora-la-bestia-edicion-antigua-400x199.jpg 400w\" sizes=\"(max-width: 975px) 100vw, 975px\" \/><figcaption id=\"caption-attachment-2180\" class=\"wp-caption-text\">Sergio Bencomo Rese\u00f1a Casa del Libro Donde mora la bestia edici\u00f3n antigua<\/figcaption><\/figure>\n","protected":false},"excerpt":{"rendered":"<p>-Esta es la primera edici\u00f3n de Donde mora la bestia, m\u00e1s expl\u00edcita y sin bocetos ni fichas de personajes.<\/p>\n<p><span style=\"font-weight: 400;\">\u00bfHasta d\u00f3nde nos puede llevar la venganza?<\/span><\/p>\n<p><span style=\"font-weight: 400;\">\u00bfQu\u00e9 es lo que podemos hacer por amor?<\/span><\/p>\n<p><span style=\"font-weight: 400;\">\u00bfLos lazos de sangre son un l\u00edmite para el amor?<\/span><\/p>\n<p><span style=\"font-weight: 400;\">\u00bfCu\u00e1les son los hechos que nos inspiran fortaleza en la vida?<\/span><\/p>\n<p><span style=\"font-weight: 400;\">\u00bfDe qu\u00e9 forma podemos buscar la justicia?<\/span><\/p>\n<p>&nbsp;<\/p>\n<p>[button id=\"93143d839bd755e256dbaa20094f06e8\" label=\"AMAZON\" button_type=\"{\u2039\u00b2\u203abutton_type_select\u2039\u00b2\u203a:\u2039\u00b2\u203anormal_button\u2039\u00b2\u203a,\u2039\u00b2\u203anormal_button\u2039\u00b2\u203a:{\u2039\u00b2\u203alink\u2039\u00b2\u203a:\u2039\u00b2\u203ahttps:\/\/www.amazon.es\/Donde-bestia-Laura-P%C3%A9rez-Macho\/dp\/8494500422\/ref\u2039\u00b4\u203asr_1_1?__mk_es_ES\u2039\u00b4\u203a%C3%85M%C3%85%C5%BD%C3%95%C3%91\u2039\u00af\u203adchild\u2039\u00b4\u203a1\u2039\u00af\u203akeywords\u2039\u00b4\u203adonde+mora+la+bestia\u2039\u00af\u203aqid\u2039\u00b4\u203a1626472496\u2039\u00af\u203asr\u2039\u00b4\u203a8-1\u2039\u00b2\u203a,\u2039\u00b2\u203atarget\u2039\u00b2\u203a:\u2039\u00b2\u203a_blank\u2039\u00b2\u203a},\u2039\u00b2\u203aproduct_button\u2039\u00b2\u203a:{\u2039\u00b2\u203aproduct\u2039\u00b2\u203a:\u2039\u00b2\u203a\u2039\u00b2\u203a,\u2039\u00b2\u203aproduct_button_type\u2039\u00b2\u203a:\u2039\u00b2\u203abuy\u2039\u00b2\u203a}}\" color=\"normal\" hide_on_desktop=\"false\" hide_on_mobile=\"false\" animation_on_scroll=\"{\u2039\u00b2\u203aanimation_enable\u2039\u00b2\u203a:\u2039\u00b2\u203ano\u2039\u00b2\u203a,\u2039\u00b2\u203ayes\u2039\u00b2\u203a:{\u2039\u00b2\u203aanimation_type\u2039\u00b2\u203a:\u2039\u00b2\u203afadeIn\u2039\u00b2\u203a,\u2039\u00b2\u203aanimation_delay\u2039\u00b2\u203a:\u2039\u00b2\u203a0\u2039\u00b2\u203a}}\" _array_keys=\"{\u2039\u00b2\u203abutton_type\u2039\u00b2\u203a:\u2039\u00b2\u203abutton_type\u2039\u00b2\u203a,\u2039\u00b2\u203aanimation_on_scroll\u2039\u00b2\u203a:\u2039\u00b2\u203aanimation_on_scroll\u2039\u00b2\u203a}\" _fw_coder=\"aggressive\" __fw_editor_shortcodes_id=\"55c75cf4df82d31712c79e261169c48c\"][\/button][button id=\"93143d839bd755e256dbaa20094f06e8\" label=\"CASA DEL LIBRO\" button_type=\"{\u2039\u00b2\u203abutton_type_select\u2039\u00b2\u203a:\u2039\u00b2\u203anormal_button\u2039\u00b2\u203a,\u2039\u00b2\u203anormal_button\u2039\u00b2\u203a:{\u2039\u00b2\u203alink\u2039\u00b2\u203a:\u2039\u00b2\u203ahttps:\/\/www.casadellibro.com\/libro-donde-mora-la-bestia\/9788494500428\/2913749\u2039\u00b2\u203a,\u2039\u00b2\u203atarget\u2039\u00b2\u203a:\u2039\u00b2\u203a_blank\u2039\u00b2\u203a},\u2039\u00b2\u203aproduct_button\u2039\u00b2\u203a:{\u2039\u00b2\u203aproduct\u2039\u00b2\u203a:\u2039\u00b2\u203a\u2039\u00b2\u203a,\u2039\u00b2\u203aproduct_button_type\u2039\u00b2\u203a:\u2039\u00b2\u203abuy\u2039\u00b2\u203a}}\" color=\"normal\" hide_on_desktop=\"false\" hide_on_mobile=\"false\" animation_on_scroll=\"{\u2039\u00b2\u203aanimation_enable\u2039\u00b2\u203a:\u2039\u00b2\u203ano\u2039\u00b2\u203a,\u2039\u00b2\u203ayes\u2039\u00b2\u203a:{\u2039\u00b2\u203aanimation_type\u2039\u00b2\u203a:\u2039\u00b2\u203afadeIn\u2039\u00b2\u203a,\u2039\u00b2\u203aanimation_delay\u2039\u00b2\u203a:\u2039\u00b2\u203a0\u2039\u00b2\u203a}}\" _array_keys=\"{\u2039\u00b2\u203abutton_type\u2039\u00b2\u203a:\u2039\u00b2\u203abutton_type\u2039\u00b2\u203a,\u2039\u00b2\u203aanimation_on_scroll\u2039\u00b2\u203a:\u2039\u00b2\u203aanimation_on_scroll\u2039\u00b2\u203a}\" _fw_coder=\"aggressive\" __fw_editor_shortcodes_id=\"1deced268a945f86c1ccc219303364a5\"][\/button][button id=\"93143d839bd755e256dbaa20094f06e8\" label=\"EDITORIAL SELEER\" button_type=\"{\u2039\u00b2\u203abutton_type_select\u2039\u00b2\u203a:\u2039\u00b2\u203anormal_button\u2039\u00b2\u203a,\u2039\u00b2\u203anormal_button\u2039\u00b2\u203a:{\u2039\u00b2\u203alink\u2039\u00b2\u203a:\u2039\u00b2\u203ahttp:\/\/www.editorialseleer.com\/es\/detalles\/donde-mora-la-bestia-589\/\u2039\u00b2\u203a,\u2039\u00b2\u203atarget\u2039\u00b2\u203a:\u2039\u00b2\u203a_blank\u2039\u00b2\u203a},\u2039\u00b2\u203aproduct_button\u2039\u00b2\u203a:{\u2039\u00b2\u203aproduct\u2039\u00b2\u203a:\u2039\u00b2\u203a\u2039\u00b2\u203a,\u2039\u00b2\u203aproduct_button_type\u2039\u00b2\u203a:\u2039\u00b2\u203abuy\u2039\u00b2\u203a}}\" color=\"normal\" hide_on_desktop=\"false\" hide_on_mobile=\"false\" animation_on_scroll=\"{\u2039\u00b2\u203aanimation_enable\u2039\u00b2\u203a:\u2039\u00b2\u203ano\u2039\u00b2\u203a,\u2039\u00b2\u203ayes\u2039\u00b2\u203a:{\u2039\u00b2\u203aanimation_type\u2039\u00b2\u203a:\u2039\u00b2\u203afadeIn\u2039\u00b2\u203a,\u2039\u00b2\u203aanimation_delay\u2039\u00b2\u203a:\u2039\u00b2\u203a0\u2039\u00b2\u203a}}\" _array_keys=\"{\u2039\u00b2\u203abutton_type\u2039\u00b2\u203a:\u2039\u00b2\u203abutton_type\u2039\u00b2\u203a,\u2039\u00b2\u203aanimation_on_scroll\u2039\u00b2\u203a:\u2039\u00b2\u203aanimation_on_scroll\u2039\u00b2\u203a}\" _fw_coder=\"aggressive\" __fw_editor_shortcodes_id=\"2595ad9309eb541aba2145f2a25c2aca\"][\/button][button id=\"93143d839bd755e256dbaa20094f06e8\" label=\"AGAPEA\" button_type=\"{\u2039\u00b2\u203abutton_type_select\u2039\u00b2\u203a:\u2039\u00b2\u203anormal_button\u2039\u00b2\u203a,\u2039\u00b2\u203anormal_button\u2039\u00b2\u203a:{\u2039\u00b2\u203alink\u2039\u00b2\u203a:\u2039\u00b2\u203ahttps:\/\/www.agapea.com\/Laura-Perez-Macho\/Donde-mora-la-bestia-9788494500428-i.htm\u2039\u00b2\u203a,\u2039\u00b2\u203atarget\u2039\u00b2\u203a:\u2039\u00b2\u203a_blank\u2039\u00b2\u203a},\u2039\u00b2\u203aproduct_button\u2039\u00b2\u203a:{\u2039\u00b2\u203aproduct\u2039\u00b2\u203a:\u2039\u00b2\u203a\u2039\u00b2\u203a,\u2039\u00b2\u203aproduct_button_type\u2039\u00b2\u203a:\u2039\u00b2\u203abuy\u2039\u00b2\u203a}}\" color=\"normal\" hide_on_desktop=\"false\" hide_on_mobile=\"false\" animation_on_scroll=\"{\u2039\u00b2\u203aanimation_enable\u2039\u00b2\u203a:\u2039\u00b2\u203ano\u2039\u00b2\u203a,\u2039\u00b2\u203ayes\u2039\u00b2\u203a:{\u2039\u00b2\u203aanimation_type\u2039\u00b2\u203a:\u2039\u00b2\u203afadeIn\u2039\u00b2\u203a,\u2039\u00b2\u203aanimation_delay\u2039\u00b2\u203a:\u2039\u00b2\u203a0\u2039\u00b2\u203a}}\" _array_keys=\"{\u2039\u00b2\u203abutton_type\u2039\u00b2\u203a:\u2039\u00b2\u203abutton_type\u2039\u00b2\u203a,\u2039\u00b2\u203aanimation_on_scroll\u2039\u00b2\u203a:\u2039\u00b2\u203aanimation_on_scroll\u2039\u00b2\u203a}\" _fw_coder=\"aggressive\" __fw_editor_shortcodes_id=\"2e5c813119f34ebff5ecaa34f0b7170f\"][\/button]<\/p>\n","protected":false},"featured_media":812,"comment_status":"closed","ping_status":"closed","template":"","meta":{"_monsterinsights_skip_tracking":false,"_monsterinsights_sitenote_active":false,"_monsterinsights_sitenote_note":"","_monsterinsights_sitenote_category":0},"product_cat":[41],"product_tag":[42,43,44,45,46],"yoast_head":"<!-- This site is optimized with the Yoast SEO plugin v20.1 - https:\/\/yoast.com\/wordpress\/plugins\/seo\/ -->\n<title>Donde mora la bestia - Laura Perez Macho<\/title>\n<meta name=\"description\" content=\"Donde mora la bestia es mi primera novela escrita y publicada. Es una obra de ficci\u00f3n hist\u00f3rica y mitolog\u00eda celta.\" \/>\n<meta name=\"robots\" content=\"index, follow, max-snippet:-1, max-image-preview:large, max-video-preview:-1\" \/>\n<link rel=\"canonical\" href=\"https:\/\/lauraperezmacho.com\/es_es\/product\/donde-mora-la-bestia\/\" \/>\n<meta property=\"og:locale\" content=\"es_ES\" \/>\n<meta property=\"og:type\" content=\"article\" \/>\n<meta property=\"og:title\" content=\"Donde mora la bestia - Laura Perez Macho\" \/>\n<meta property=\"og:description\" content=\"Donde mora la bestia es mi primera novela escrita y publicada. Es una obra de ficci\u00f3n hist\u00f3rica y mitolog\u00eda celta.\" \/>\n<meta property=\"og:url\" content=\"https:\/\/lauraperezmacho.com\/es_es\/product\/donde-mora-la-bestia\/\" \/>\n<meta property=\"og:site_name\" content=\"Lauraperezmacho.com\" \/>\n<meta property=\"article:modified_time\" content=\"2023-07-23T11:52:21+00:00\" \/>\n<meta property=\"og:image\" content=\"https:\/\/lauraperezmacho.com\/wp-content\/uploads\/2022\/01\/Donde-mora-la-Bestia-portada2-scaled.jpg\" \/>\n\t<meta property=\"og:image:width\" content=\"1845\" \/>\n\t<meta property=\"og:image:height\" content=\"2560\" \/>\n\t<meta property=\"og:image:type\" content=\"image\/jpeg\" \/>\n<meta name=\"twitter:card\" content=\"summary_large_image\" \/>\n<meta name=\"twitter:label1\" content=\"Tiempo de lectura\" \/>\n\t<meta name=\"twitter:data1\" content=\"2 minutos\" \/>\n<script type=\"application\/ld+json\" class=\"yoast-schema-graph\">{\"@context\":\"https:\/\/schema.org\",\"@graph\":[{\"@type\":\"WebPage\",\"@id\":\"https:\/\/lauraperezmacho.com\/product\/donde-mora-la-bestia\/\",\"url\":\"https:\/\/lauraperezmacho.com\/product\/donde-mora-la-bestia\/\",\"name\":\"Donde mora la bestia - Laura Perez Macho\",\"isPartOf\":{\"@id\":\"https:\/\/lauraperezmacho.com\/#website\"},\"datePublished\":\"2022-01-15T14:20:29+00:00\",\"dateModified\":\"2023-07-23T11:52:21+00:00\",\"description\":\"Donde mora la bestia es mi primera novela escrita y publicada. Es una obra de ficci\u00f3n hist\u00f3rica y mitolog\u00eda celta.\",\"breadcrumb\":{\"@id\":\"https:\/\/lauraperezmacho.com\/product\/donde-mora-la-bestia\/#breadcrumb\"},\"inLanguage\":\"es\",\"potentialAction\":[{\"@type\":\"ReadAction\",\"target\":[\"https:\/\/lauraperezmacho.com\/product\/donde-mora-la-bestia\/\"]}]},{\"@type\":\"BreadcrumbList\",\"@id\":\"https:\/\/lauraperezmacho.com\/product\/donde-mora-la-bestia\/#breadcrumb\",\"itemListElement\":[{\"@type\":\"ListItem\",\"position\":1,\"name\":\"Home\",\"item\":\"https:\/\/lauraperezmacho.com\/\"},{\"@type\":\"ListItem\",\"position\":2,\"name\":\"Mi tienda\",\"item\":\"https:\/\/lauraperezmacho.com\/mi-tienda\/\"},{\"@type\":\"ListItem\",\"position\":3,\"name\":\"Donde mora la bestia\"}]},{\"@type\":\"WebSite\",\"@id\":\"https:\/\/lauraperezmacho.com\/#website\",\"url\":\"https:\/\/lauraperezmacho.com\/\",\"name\":\"Lauraperezmacho.com\",\"description\":\"Web de autora Laura Perez Macho\",\"potentialAction\":[{\"@type\":\"SearchAction\",\"target\":{\"@type\":\"EntryPoint\",\"urlTemplate\":\"https:\/\/lauraperezmacho.com\/?s={search_term_string}\"},\"query-input\":\"required name=search_term_string\"}],\"inLanguage\":\"es\"}]}<\/script>\n<!-- \/ Yoast SEO plugin. -->","yoast_head_json":{"title":"Donde mora la bestia - Laura Perez Macho","description":"Donde mora la bestia es mi primera novela escrita y publicada. Es una obra de ficci\u00f3n hist\u00f3rica y mitolog\u00eda celta.","robots":{"index":"index","follow":"follow","max-snippet":"max-snippet:-1","max-image-preview":"max-image-preview:large","max-video-preview":"max-video-preview:-1"},"canonical":"https:\/\/lauraperezmacho.com\/es_es\/product\/donde-mora-la-bestia\/","og_locale":"es_ES","og_type":"article","og_title":"Donde mora la bestia - Laura Perez Macho","og_description":"Donde mora la bestia es mi primera novela escrita y publicada. Es una obra de ficci\u00f3n hist\u00f3rica y mitolog\u00eda celta.","og_url":"https:\/\/lauraperezmacho.com\/es_es\/product\/donde-mora-la-bestia\/","og_site_name":"Lauraperezmacho.com","article_modified_time":"2023-07-23T11:52:21+00:00","og_image":[{"width":1845,"height":2560,"url":"https:\/\/lauraperezmacho.com\/wp-content\/uploads\/2022\/01\/Donde-mora-la-Bestia-portada2-scaled.jpg","type":"image\/jpeg"}],"twitter_card":"summary_large_image","twitter_misc":{"Tiempo de lectura":"2 minutos"},"schema":{"@context":"https:\/\/schema.org","@graph":[{"@type":"WebPage","@id":"https:\/\/lauraperezmacho.com\/product\/donde-mora-la-bestia\/","url":"https:\/\/lauraperezmacho.com\/product\/donde-mora-la-bestia\/","name":"Donde mora la bestia - Laura Perez Macho","isPartOf":{"@id":"https:\/\/lauraperezmacho.com\/#website"},"datePublished":"2022-01-15T14:20:29+00:00","dateModified":"2023-07-23T11:52:21+00:00","description":"Donde mora la bestia es mi primera novela escrita y publicada. Es una obra de ficci\u00f3n hist\u00f3rica y mitolog\u00eda celta.","breadcrumb":{"@id":"https:\/\/lauraperezmacho.com\/product\/donde-mora-la-bestia\/#breadcrumb"},"inLanguage":"es","potentialAction":[{"@type":"ReadAction","target":["https:\/\/lauraperezmacho.com\/product\/donde-mora-la-bestia\/"]}]},{"@type":"BreadcrumbList","@id":"https:\/\/lauraperezmacho.com\/product\/donde-mora-la-bestia\/#breadcrumb","itemListElement":[{"@type":"ListItem","position":1,"name":"Home","item":"https:\/\/lauraperezmacho.com\/"},{"@type":"ListItem","position":2,"name":"Mi tienda","item":"https:\/\/lauraperezmacho.com\/mi-tienda\/"},{"@type":"ListItem","position":3,"name":"Donde mora la bestia"}]},{"@type":"WebSite","@id":"https:\/\/lauraperezmacho.com\/#website","url":"https:\/\/lauraperezmacho.com\/","name":"Lauraperezmacho.com","description":"Web de autora Laura Perez Macho","potentialAction":[{"@type":"SearchAction","target":{"@type":"EntryPoint","urlTemplate":"https:\/\/lauraperezmacho.com\/?s={search_term_string}"},"query-input":"required name=search_term_string"}],"inLanguage":"es"}]}},"_links":{"self":[{"href":"https:\/\/lauraperezmacho.com\/es_es\/wp-json\/wp\/v2\/product\/753"}],"collection":[{"href":"https:\/\/lauraperezmacho.com\/es_es\/wp-json\/wp\/v2\/product"}],"about":[{"href":"https:\/\/lauraperezmacho.com\/es_es\/wp-json\/wp\/v2\/types\/product"}],"replies":[{"embeddable":true,"href":"https:\/\/lauraperezmacho.com\/es_es\/wp-json\/wp\/v2\/comments?post=753"}],"wp:featuredmedia":[{"embeddable":true,"href":"https:\/\/lauraperezmacho.com\/es_es\/wp-json\/wp\/v2\/media\/812"}],"wp:attachment":[{"href":"https:\/\/lauraperezmacho.com\/es_es\/wp-json\/wp\/v2\/media?parent=753"}],"wp:term":[{"taxonomy":"product_cat","embeddable":true,"href":"https:\/\/lauraperezmacho.com\/es_es\/wp-json\/wp\/v2\/product_cat?post=753"},{"taxonomy":"product_tag","embeddable":true,"href":"https:\/\/lauraperezmacho.com\/es_es\/wp-json\/wp\/v2\/product_tag?post=753"}],"curies":[{"name":"wp","href":"https:\/\/api.w.org\/{rel}","templated":true}]}}