{"id":1902,"date":"2022-06-10T21:34:23","date_gmt":"2022-06-10T19:34:23","guid":{"rendered":"https:\/\/lauraperezmacho.com\/?post_type=product&#038;p=1902"},"modified":"2023-07-23T13:50:26","modified_gmt":"2023-07-23T11:50:26","slug":"pack-poesia-audiolibro-vela-aromatica-jabon-vegano-de-te-cafe-cacao","status":"publish","type":"product","link":"https:\/\/lauraperezmacho.com\/es_es\/product\/pack-poesia-audiolibro-vela-aromatica-jabon-vegano-de-te-cafe-cacao\/","title":{"rendered":"Pack poes\u00eda: audiolibro + vela arom\u00e1tica + jab\u00f3n vegano de t\u00e9\/caf\u00e9\/cacao"},"content":{"rendered":"<div id=\"product-component-1654888709251\"><\/div>\n<p><script type=\"text\/javascript\">\n\/*<![CDATA[*\/ (function () { var scriptURL = 'https:\/\/sdks.shopifycdn.com\/buy-button\/latest\/buy-button-storefront.min.js'; if (window.ShopifyBuy) { if (window.ShopifyBuy.UI) { ShopifyBuyInit(); } else { loadScript(); } } else { loadScript(); } function loadScript() { var script = document.createElement('script'); script.async = true; script.src = scriptURL; (document.getElementsByTagName('head')[0] || document.getElementsByTagName('body')[0]).appendChild(script); script.onload = ShopifyBuyInit; } function ShopifyBuyInit() { var client = ShopifyBuy.buildClient({ domain: 'laury-perez-macho.myshopify.com', storefrontAccessToken: '5db193e465f22dc47859f4d798bfeae4', }); ShopifyBuy.UI.onReady(client).then(function (ui) { ui.createComponent('product', { id: '7837822157029', node: document.getElementById('product-component-1654888709251'), moneyFormat: '%E2%82%AC%7B%7Bamount_with_comma_separator%7D%7D', options: { \"product\": { \"styles\": { \"product\": { \"@media (min-width: 601px)\": { \"max-width\": \"calc(25% - 20px)\", \"margin-left\": \"20px\", \"margin-bottom\": \"50px\" } }, \"button\": { \"color\": \"#f5f2e9\", \":hover\": { \"color\": \"#f5f2e9\", \"background-color\": \"#8bae7f\" }, \"background-color\": \"#9ac18d\", \":focus\": { \"background-color\": \"#8bae7f\" }, \"border-radius\": \"40px\" } }, \"text\": { \"button\": \"Add to cart\" } }, \"productSet\": { \"styles\": { \"products\": { \"@media (min-width: 601px)\": { \"margin-left\": \"-20px\" } } } }, \"modalProduct\": { \"contents\": { \"img\": false, \"imgWithCarousel\": true, \"button\": false, \"buttonWithQuantity\": true }, \"styles\": { \"product\": { \"@media (min-width: 601px)\": { \"max-width\": \"100%\", \"margin-left\": \"0px\", \"margin-bottom\": \"0px\" } }, \"button\": { \"color\": \"#f5f2e9\", \":hover\": { \"color\": \"#f5f2e9\", \"background-color\": \"#8bae7f\" }, \"background-color\": \"#9ac18d\", \":focus\": { \"background-color\": \"#8bae7f\" }, \"border-radius\": \"40px\" } }, \"text\": { \"button\": \"Add to cart\" } }, \"option\": {}, \"cart\": { \"styles\": { \"button\": { \"color\": \"#f5f2e9\", \":hover\": { \"color\": \"#f5f2e9\", \"background-color\": \"#8bae7f\" }, \"background-color\": \"#9ac18d\", \":focus\": { \"background-color\": \"#8bae7f\" }, \"border-radius\": \"40px\" } }, \"text\": { \"total\": \"Subtotal\", \"button\": \"Checkout\" } }, \"toggle\": { \"styles\": { \"toggle\": { \"background-color\": \"#9ac18d\", \":hover\": { \"background-color\": \"#8bae7f\" }, \":focus\": { \"background-color\": \"#8bae7f\" } }, \"count\": { \"color\": \"#f5f2e9\", \":hover\": { \"color\": \"#f5f2e9\" } }, \"iconPath\": { \"fill\": \"#f5f2e9\" } } } }, }); }); } })(); \/*]]>*\/\n<\/script><\/p>\n<p><em>Elige en el desplegable la bebida que m\u00e1s te guste para el jab\u00f3n de tu pack<\/em><\/p>\n<p><em>Haz click en el bot\u00f3n verde para comprarlo directamente<\/em><\/p>\n<p><strong>\u00bfQu\u00e9 te gusta beber cuando disfrutas de un buen libro o audiolibro? \u00bfUn t\u00e9, un buen caf\u00e9 o un chocolate caliente? Elige la que m\u00e1s te guste para tu jab\u00f3n artesano del pack<\/strong><\/p>\n<p><strong>Disfruta de una nueva experiencia de lectura con una vela arom\u00e1tica y un jab\u00f3n vegano. Todo 100% natural, hecho a mano por m\u00ed<\/strong><\/p>\n<p><a href=\"https:\/\/www.nuevasexperienciascreativas.com\/\">DESCUBRE AQU\u00cd TU NUEVO RINC\u00d3N CREATIVO EN SHOPIFY<\/a><\/p>\n<p><a href=\"https:\/\/lauraperezmacho.com\/product\/poemario-vivir-sentir-morir\/\">ADQUIERE EL POEMARIO EN FORMATO AUDIOLIBRO POR SEPARADO AQU\u00cd<\/a><\/p>\n","protected":false},"excerpt":{"rendered":"<p>Elige en el desplegable la bebida que m\u00e1s te guste para el jab\u00f3n de tu pack Haz click en el bot\u00f3n verde para comprarlo directamente \u00bfQu\u00e9 te gusta beber cuando disfrutas de un buen libro o audiolibro? \u00bfUn t\u00e9, un buen caf\u00e9 o un chocolate caliente? Elige la que m\u00e1s te guste para tu jab\u00f3n&#8230;<\/p>\n","protected":false},"featured_media":1903,"comment_status":"closed","ping_status":"closed","template":"","meta":{"_monsterinsights_skip_tracking":false,"_monsterinsights_sitenote_active":false,"_monsterinsights_sitenote_note":"","_monsterinsights_sitenote_category":0},"product_cat":[91],"product_tag":[],"yoast_head":"<!-- This site is optimized with the Yoast SEO plugin v20.1 - https:\/\/yoast.com\/wordpress\/plugins\/seo\/ -->\n<title>Pack poes\u00eda: audiolibro + vela arom\u00e1tica + jab\u00f3n vegano de t\u00e9\/caf\u00e9\/cacao<\/title>\n<meta name=\"description\" content=\"Pack poes\u00eda: audiolibro + vela arom\u00e1tica + jab\u00f3n vegano de t\u00e9, caf\u00e9 o cacao Todo hecho a mano para llevar tu experiencia po\u00e9tica a otro nivel\" \/>\n<meta name=\"robots\" content=\"index, follow, max-snippet:-1, max-image-preview:large, max-video-preview:-1\" \/>\n<link rel=\"canonical\" href=\"https:\/\/lauraperezmacho.com\/es_es\/product\/pack-poesia-audiolibro-vela-aromatica-jabon-vegano-de-te-cafe-cacao\/\" \/>\n<meta property=\"og:locale\" content=\"es_ES\" \/>\n<meta property=\"og:type\" content=\"article\" \/>\n<meta property=\"og:title\" content=\"Pack poes\u00eda: audiolibro + vela arom\u00e1tica + jab\u00f3n vegano de t\u00e9\/caf\u00e9\/cacao\" \/>\n<meta property=\"og:description\" content=\"Pack poes\u00eda: audiolibro + vela arom\u00e1tica + jab\u00f3n vegano de t\u00e9, caf\u00e9 o cacao Todo hecho a mano para llevar tu experiencia po\u00e9tica a otro nivel\" \/>\n<meta property=\"og:url\" content=\"https:\/\/lauraperezmacho.com\/es_es\/product\/pack-poesia-audiolibro-vela-aromatica-jabon-vegano-de-te-cafe-cacao\/\" \/>\n<meta property=\"og:site_name\" content=\"Lauraperezmacho.com\" \/>\n<meta property=\"article:modified_time\" content=\"2023-07-23T11:50:26+00:00\" \/>\n<meta property=\"og:image\" content=\"https:\/\/lauraperezmacho.com\/wp-content\/uploads\/2022\/06\/Pack-poemario_instrucciones.jpg\" \/>\n\t<meta property=\"og:image:width\" content=\"449\" \/>\n\t<meta property=\"og:image:height\" content=\"639\" \/>\n\t<meta property=\"og:image:type\" content=\"image\/jpeg\" \/>\n<meta name=\"twitter:card\" content=\"summary_large_image\" \/>\n<meta name=\"twitter:label1\" content=\"Tiempo de lectura\" \/>\n\t<meta name=\"twitter:data1\" content=\"1 minuto\" \/>\n<script type=\"application\/ld+json\" class=\"yoast-schema-graph\">{\"@context\":\"https:\/\/schema.org\",\"@graph\":[{\"@type\":\"WebPage\",\"@id\":\"https:\/\/lauraperezmacho.com\/product\/pack-poesia-audiolibro-vela-aromatica-jabon-vegano-de-te-cafe-cacao\/\",\"url\":\"https:\/\/lauraperezmacho.com\/product\/pack-poesia-audiolibro-vela-aromatica-jabon-vegano-de-te-cafe-cacao\/\",\"name\":\"Pack poes\u00eda: audiolibro + vela arom\u00e1tica + jab\u00f3n vegano de t\u00e9\/caf\u00e9\/cacao\",\"isPartOf\":{\"@id\":\"https:\/\/lauraperezmacho.com\/#website\"},\"datePublished\":\"2022-06-10T19:34:23+00:00\",\"dateModified\":\"2023-07-23T11:50:26+00:00\",\"description\":\"Pack poes\u00eda: audiolibro + vela arom\u00e1tica + jab\u00f3n vegano de t\u00e9, caf\u00e9 o cacao Todo hecho a mano para llevar tu experiencia po\u00e9tica a otro nivel\",\"breadcrumb\":{\"@id\":\"https:\/\/lauraperezmacho.com\/product\/pack-poesia-audiolibro-vela-aromatica-jabon-vegano-de-te-cafe-cacao\/#breadcrumb\"},\"inLanguage\":\"es\",\"potentialAction\":[{\"@type\":\"ReadAction\",\"target\":[\"https:\/\/lauraperezmacho.com\/product\/pack-poesia-audiolibro-vela-aromatica-jabon-vegano-de-te-cafe-cacao\/\"]}]},{\"@type\":\"BreadcrumbList\",\"@id\":\"https:\/\/lauraperezmacho.com\/product\/pack-poesia-audiolibro-vela-aromatica-jabon-vegano-de-te-cafe-cacao\/#breadcrumb\",\"itemListElement\":[{\"@type\":\"ListItem\",\"position\":1,\"name\":\"Home\",\"item\":\"https:\/\/lauraperezmacho.com\/\"},{\"@type\":\"ListItem\",\"position\":2,\"name\":\"Mi tienda\",\"item\":\"https:\/\/lauraperezmacho.com\/mi-tienda\/\"},{\"@type\":\"ListItem\",\"position\":3,\"name\":\"Pack poes\u00eda: audiolibro + vela arom\u00e1tica + jab\u00f3n vegano de t\u00e9\/caf\u00e9\/cacao\"}]},{\"@type\":\"WebSite\",\"@id\":\"https:\/\/lauraperezmacho.com\/#website\",\"url\":\"https:\/\/lauraperezmacho.com\/\",\"name\":\"Lauraperezmacho.com\",\"description\":\"Web de autora Laura Perez Macho\",\"potentialAction\":[{\"@type\":\"SearchAction\",\"target\":{\"@type\":\"EntryPoint\",\"urlTemplate\":\"https:\/\/lauraperezmacho.com\/?s={search_term_string}\"},\"query-input\":\"required name=search_term_string\"}],\"inLanguage\":\"es\"}]}<\/script>\n<!-- \/ Yoast SEO plugin. -->","yoast_head_json":{"title":"Pack poes\u00eda: audiolibro + vela arom\u00e1tica + jab\u00f3n vegano de t\u00e9\/caf\u00e9\/cacao","description":"Pack poes\u00eda: audiolibro + vela arom\u00e1tica + jab\u00f3n vegano de t\u00e9, caf\u00e9 o cacao Todo hecho a mano para llevar tu experiencia po\u00e9tica a otro nivel","robots":{"index":"index","follow":"follow","max-snippet":"max-snippet:-1","max-image-preview":"max-image-preview:large","max-video-preview":"max-video-preview:-1"},"canonical":"https:\/\/lauraperezmacho.com\/es_es\/product\/pack-poesia-audiolibro-vela-aromatica-jabon-vegano-de-te-cafe-cacao\/","og_locale":"es_ES","og_type":"article","og_title":"Pack poes\u00eda: audiolibro + vela arom\u00e1tica + jab\u00f3n vegano de t\u00e9\/caf\u00e9\/cacao","og_description":"Pack poes\u00eda: audiolibro + vela arom\u00e1tica + jab\u00f3n vegano de t\u00e9, caf\u00e9 o cacao Todo hecho a mano para llevar tu experiencia po\u00e9tica a otro nivel","og_url":"https:\/\/lauraperezmacho.com\/es_es\/product\/pack-poesia-audiolibro-vela-aromatica-jabon-vegano-de-te-cafe-cacao\/","og_site_name":"Lauraperezmacho.com","article_modified_time":"2023-07-23T11:50:26+00:00","og_image":[{"width":449,"height":639,"url":"https:\/\/lauraperezmacho.com\/wp-content\/uploads\/2022\/06\/Pack-poemario_instrucciones.jpg","type":"image\/jpeg"}],"twitter_card":"summary_large_image","twitter_misc":{"Tiempo de lectura":"1 minuto"},"schema":{"@context":"https:\/\/schema.org","@graph":[{"@type":"WebPage","@id":"https:\/\/lauraperezmacho.com\/product\/pack-poesia-audiolibro-vela-aromatica-jabon-vegano-de-te-cafe-cacao\/","url":"https:\/\/lauraperezmacho.com\/product\/pack-poesia-audiolibro-vela-aromatica-jabon-vegano-de-te-cafe-cacao\/","name":"Pack poes\u00eda: audiolibro + vela arom\u00e1tica + jab\u00f3n vegano de t\u00e9\/caf\u00e9\/cacao","isPartOf":{"@id":"https:\/\/lauraperezmacho.com\/#website"},"datePublished":"2022-06-10T19:34:23+00:00","dateModified":"2023-07-23T11:50:26+00:00","description":"Pack poes\u00eda: audiolibro + vela arom\u00e1tica + jab\u00f3n vegano de t\u00e9, caf\u00e9 o cacao Todo hecho a mano para llevar tu experiencia po\u00e9tica a otro nivel","breadcrumb":{"@id":"https:\/\/lauraperezmacho.com\/product\/pack-poesia-audiolibro-vela-aromatica-jabon-vegano-de-te-cafe-cacao\/#breadcrumb"},"inLanguage":"es","potentialAction":[{"@type":"ReadAction","target":["https:\/\/lauraperezmacho.com\/product\/pack-poesia-audiolibro-vela-aromatica-jabon-vegano-de-te-cafe-cacao\/"]}]},{"@type":"BreadcrumbList","@id":"https:\/\/lauraperezmacho.com\/product\/pack-poesia-audiolibro-vela-aromatica-jabon-vegano-de-te-cafe-cacao\/#breadcrumb","itemListElement":[{"@type":"ListItem","position":1,"name":"Home","item":"https:\/\/lauraperezmacho.com\/"},{"@type":"ListItem","position":2,"name":"Mi tienda","item":"https:\/\/lauraperezmacho.com\/mi-tienda\/"},{"@type":"ListItem","position":3,"name":"Pack poes\u00eda: audiolibro + vela arom\u00e1tica + jab\u00f3n vegano de t\u00e9\/caf\u00e9\/cacao"}]},{"@type":"WebSite","@id":"https:\/\/lauraperezmacho.com\/#website","url":"https:\/\/lauraperezmacho.com\/","name":"Lauraperezmacho.com","description":"Web de autora Laura Perez Macho","potentialAction":[{"@type":"SearchAction","target":{"@type":"EntryPoint","urlTemplate":"https:\/\/lauraperezmacho.com\/?s={search_term_string}"},"query-input":"required name=search_term_string"}],"inLanguage":"es"}]}},"_links":{"self":[{"href":"https:\/\/lauraperezmacho.com\/es_es\/wp-json\/wp\/v2\/product\/1902"}],"collection":[{"href":"https:\/\/lauraperezmacho.com\/es_es\/wp-json\/wp\/v2\/product"}],"about":[{"href":"https:\/\/lauraperezmacho.com\/es_es\/wp-json\/wp\/v2\/types\/product"}],"replies":[{"embeddable":true,"href":"https:\/\/lauraperezmacho.com\/es_es\/wp-json\/wp\/v2\/comments?post=1902"}],"wp:featuredmedia":[{"embeddable":true,"href":"https:\/\/lauraperezmacho.com\/es_es\/wp-json\/wp\/v2\/media\/1903"}],"wp:attachment":[{"href":"https:\/\/lauraperezmacho.com\/es_es\/wp-json\/wp\/v2\/media?parent=1902"}],"wp:term":[{"taxonomy":"product_cat","embeddable":true,"href":"https:\/\/lauraperezmacho.com\/es_es\/wp-json\/wp\/v2\/product_cat?post=1902"},{"taxonomy":"product_tag","embeddable":true,"href":"https:\/\/lauraperezmacho.com\/es_es\/wp-json\/wp\/v2\/product_tag?post=1902"}],"curies":[{"name":"wp","href":"https:\/\/api.w.org\/{rel}","templated":true}]}}